{"id":776,"date":"2020-11-20T11:56:42","date_gmt":"2020-11-20T11:56:42","guid":{"rendered":"http:\/\/ndschaft.de\/?page_id=776"},"modified":"2020-11-24T12:51:14","modified_gmt":"2020-11-24T12:51:14","slug":"ikf-mfz-stiftung-icp-muenchen","status":"publish","type":"page","link":"http:\/\/ndschaft.de\/100-2\/ikf-mfz-stiftung-icp-muenchen\/","title":{"rendered":"IKF\/MFZ  (Stiftung ICP M\u00fcnchen)"},"content":{"rendered":"\n<p>Architekt : <strong>batzer + hartmann planungsgesellschaft mbH<\/strong><\/p>\n\n\n\n<figure class=\"is-layout-flex wp-block-gallery-1 wp-block-gallery columns-1 is-cropped\"><ul class=\"blocks-gallery-grid\"><li class=\"blocks-gallery-item\"><figure><img decoding=\"async\" width=\"428\" height=\"120\" src=\"http:\/\/ndschaft.de\/wp-content\/uploads\/2020\/11\/IKF_Logo_2014_trans-428x120-1.png\" alt=\"\" data-id=\"956\" data-full-url=\"http:\/\/ndschaft.de\/wp-content\/uploads\/2020\/11\/IKF_Logo_2014_trans-428x120-1.png\" data-link=\"http:\/\/ndschaft.de\/?attachment_id=956\" class=\"wp-image-956\" srcset=\"http:\/\/ndschaft.de\/wp-content\/uploads\/2020\/11\/IKF_Logo_2014_trans-428x120-1.png 428w, http:\/\/ndschaft.de\/wp-content\/uploads\/2020\/11\/IKF_Logo_2014_trans-428x120-1-300x84.png 300w\" sizes=\"(max-width: 428px) 100vw, 428px\" \/><\/figure><\/li><\/ul><\/figure>\n\n\n\n<p class=\"has-text-align-left has-small-font-size\"><strong>IKF<\/strong> <strong>Kinderkrippe Situlistrasse<\/strong><br><br> <strong>2 Gruppen<\/strong><br>\u2022 Regelgruppen mit je 12 Kindern<br><strong>2 Gruppen<\/strong><br>\u2022 Integrationsgruppen mit je 9&nbsp;Kindern<br>\u2022 Je Gruppe 3 Kinder mit besonderem F\u00f6rderbedarf <\/p>\n\n\n\n<figure class=\"wp-block-gallery aligncenter columns-2 is-cropped\">\n<ul class=\"blocks-gallery-grid\" data-wp-editing=\"1\">\n<li class=\"blocks-gallery-item\">\n<figure><img decoding=\"async\" width=\"1024\" height=\"681\" class=\"wp-image-931\" src=\"http:\/\/ndschaft.de\/wp-content\/uploads\/2020\/11\/100_150_AT_006-1024x681.jpg\" alt=\"\" data-id=\"931\" data-full-url=\"http:\/\/ndschaft.de\/wp-content\/uploads\/2020\/11\/100_150_AT_006.jpg\" data-link=\"http:\/\/ndschaft.de\/?attachment_id=931\" srcset=\"http:\/\/ndschaft.de\/wp-content\/uploads\/2020\/11\/100_150_AT_006-1024x681.jpg 1024w, http:\/\/ndschaft.de\/wp-content\/uploads\/2020\/11\/100_150_AT_006-300x199.jpg 300w, http:\/\/ndschaft.de\/wp-content\/uploads\/2020\/11\/100_150_AT_006-768x511.jpg 768w, http:\/\/ndschaft.de\/wp-content\/uploads\/2020\/11\/100_150_AT_006.jpg 1080w\" sizes=\"(max-width: 706px) 89vw, (max-width: 767px) 82vw, 740px\" \/><\/figure>\n<\/li>\n<li class=\"blocks-gallery-item\">\n<figure><img decoding=\"async\" width=\"1024\" height=\"681\" class=\"wp-image-932\" src=\"http:\/\/ndschaft.de\/wp-content\/uploads\/2020\/11\/100_150_AT_007-1024x681.jpg\" alt=\"\" data-id=\"932\" data-full-url=\"http:\/\/ndschaft.de\/wp-content\/uploads\/2020\/11\/100_150_AT_007.jpg\" data-link=\"http:\/\/ndschaft.de\/?attachment_id=932\" srcset=\"http:\/\/ndschaft.de\/wp-content\/uploads\/2020\/11\/100_150_AT_007-1024x681.jpg 1024w, http:\/\/ndschaft.de\/wp-content\/uploads\/2020\/11\/100_150_AT_007-300x199.jpg 300w, http:\/\/ndschaft.de\/wp-content\/uploads\/2020\/11\/100_150_AT_007-768x511.jpg 768w, http:\/\/ndschaft.de\/wp-content\/uploads\/2020\/11\/100_150_AT_007.jpg 1080w\" sizes=\"(max-width: 706px) 89vw, (max-width: 767px) 82vw, 740px\" \/><\/figure>\n<\/li>\n<li class=\"blocks-gallery-item\">\n<figure><img decoding=\"async\" class=\"wp-image-933\" src=\"http:\/\/ndschaft.de\/wp-content\/uploads\/2020\/11\/100_150_AT_008-1024x683.jpg\" alt=\"\" data-id=\"933\" data-full-url=\"http:\/\/ndschaft.de\/wp-content\/uploads\/2020\/11\/100_150_AT_008.jpg\" data-link=\"http:\/\/ndschaft.de\/?attachment_id=933\" width=\"367\" height=\"244\" srcset=\"http:\/\/ndschaft.de\/wp-content\/uploads\/2020\/11\/100_150_AT_008-1024x683.jpg 1024w, http:\/\/ndschaft.de\/wp-content\/uploads\/2020\/11\/100_150_AT_008-300x200.jpg 300w, http:\/\/ndschaft.de\/wp-content\/uploads\/2020\/11\/100_150_AT_008-768x512.jpg 768w, http:\/\/ndschaft.de\/wp-content\/uploads\/2020\/11\/100_150_AT_008.jpg 1080w\" sizes=\"(max-width: 367px) 100vw, 367px\" \/><\/figure>\n<\/li>\n<li class=\"blocks-gallery-item\">\n<figure><img decoding=\"async\" width=\"1024\" height=\"683\" class=\"wp-image-935\" src=\"http:\/\/ndschaft.de\/wp-content\/uploads\/2020\/11\/100_150_AT_010-1024x683.jpg\" alt=\"\" data-id=\"935\" data-full-url=\"http:\/\/ndschaft.de\/wp-content\/uploads\/2020\/11\/100_150_AT_010.jpg\" data-link=\"http:\/\/ndschaft.de\/?attachment_id=935\" srcset=\"http:\/\/ndschaft.de\/wp-content\/uploads\/2020\/11\/100_150_AT_010-1024x683.jpg 1024w, http:\/\/ndschaft.de\/wp-content\/uploads\/2020\/11\/100_150_AT_010-300x200.jpg 300w, http:\/\/ndschaft.de\/wp-content\/uploads\/2020\/11\/100_150_AT_010-768x512.jpg 768w, http:\/\/ndschaft.de\/wp-content\/uploads\/2020\/11\/100_150_AT_010.jpg 1080w\" sizes=\"(max-width: 706px) 89vw, (max-width: 767px) 82vw, 740px\" \/><\/figure>\n<\/li>\n<li class=\"blocks-gallery-item\">\n<figure><img decoding=\"async\" class=\"wp-image-934\" src=\"http:\/\/ndschaft.de\/wp-content\/uploads\/2020\/11\/100_150_AT_009-1024x683.jpg\" alt=\"\" data-id=\"934\" data-full-url=\"http:\/\/ndschaft.de\/wp-content\/uploads\/2020\/11\/100_150_AT_009.jpg\" data-link=\"http:\/\/ndschaft.de\/?attachment_id=934\" width=\"669\" height=\"447\" srcset=\"http:\/\/ndschaft.de\/wp-content\/uploads\/2020\/11\/100_150_AT_009-1024x683.jpg 1024w, http:\/\/ndschaft.de\/wp-content\/uploads\/2020\/11\/100_150_AT_009-300x200.jpg 300w, http:\/\/ndschaft.de\/wp-content\/uploads\/2020\/11\/100_150_AT_009-768x512.jpg 768w, http:\/\/ndschaft.de\/wp-content\/uploads\/2020\/11\/100_150_AT_009.jpg 1080w\" sizes=\"(max-width: 669px) 100vw, 669px\" \/><\/figure>\n<\/li>\n<\/ul>\n<\/figure>\n\n\n\n<div class=\"wp-block-image\"><figure class=\"alignright size-large is-resized\"><img decoding=\"async\" src=\"http:\/\/ndschaft.de\/wp-content\/uploads\/2020\/11\/100_150_AT_003-1024x682.jpg\" alt=\"\" class=\"wp-image-928\" width=\"649\" height=\"432\" srcset=\"http:\/\/ndschaft.de\/wp-content\/uploads\/2020\/11\/100_150_AT_003-1024x682.jpg 1024w, http:\/\/ndschaft.de\/wp-content\/uploads\/2020\/11\/100_150_AT_003-300x200.jpg 300w, http:\/\/ndschaft.de\/wp-content\/uploads\/2020\/11\/100_150_AT_003-768x511.jpg 768w, http:\/\/ndschaft.de\/wp-content\/uploads\/2020\/11\/100_150_AT_003-1536x1022.jpg 1536w, http:\/\/ndschaft.de\/wp-content\/uploads\/2020\/11\/100_150_AT_003.jpg 1980w\" sizes=\"(max-width: 649px) 100vw, 649px\" \/><\/figure><\/div>\n\n\n\n<figure class=\"wp-block-image size-large\"><img decoding=\"async\" width=\"590\" height=\"200\" src=\"http:\/\/ndschaft.de\/wp-content\/uploads\/2020\/11\/MFZ-Muenchner-Foerderzentrum.jpg\" alt=\"\" class=\"wp-image-958\" srcset=\"http:\/\/ndschaft.de\/wp-content\/uploads\/2020\/11\/MFZ-Muenchner-Foerderzentrum.jpg 590w, http:\/\/ndschaft.de\/wp-content\/uploads\/2020\/11\/MFZ-Muenchner-Foerderzentrum-300x102.jpg 300w\" sizes=\"(max-width: 590px) 100vw, 590px\" \/><\/figure>\n\n\n\n<p class=\"has-small-font-size\"><strong>Erweiterung des M\u00fcnchner F\u00f6rderzentrums MFZ<\/strong><br> Wohnheimpl\u00e4tzen f\u00fcr Menschen mit und ohne Behinderungherapy, Behandlungs Zentrum und F\u00f6rderst\u00e4ttenpl\u00e4tze.<br>In der F\u00f6rderst\u00e4tte arbeiten behinderte Menschen nach Beendigung der Schulpflicht, die aufgrund der Schwere ihrer Behinderung nicht in einer Werkstatt f\u00fcr behinderte Menschen (WfbM) arbeiten k\u00f6nnen. Die Ziele sind, sie durch eine ganzheitliche F\u00f6rderung auf die T\u00e4tigkeit in einer WfbM vorzubereiten, ihre Selbstst\u00e4ndigkeit sowie ihre gesundheitliche Situation zu verbessern und den Erhalt der erreichten F\u00e4higkeiten zu gew\u00e4hrleisten.<\/p>\n\n\n\n<div class=\"wp-block-image\"><figure class=\"alignright size-large\"><img decoding=\"async\" src=\"http:\/\/ndschaft.de\/wp-content\/uploads\/2020\/11\/IMG_20180723_112410.jpg\" alt=\"\" class=\"wp-image-936\"\/><\/figure><\/div>\n\n\n\n<figure class=\"is-layout-flex wp-block-gallery-3 wp-block-gallery columns-2 is-cropped\"><ul class=\"blocks-gallery-grid\"><li class=\"blocks-gallery-item\"><figure><img decoding=\"async\" src=\"http:\/\/ndschaft.de\/wp-content\/uploads\/2020\/11\/IMG_20180723_112942.jpg\" alt=\"\" data-id=\"939\" data-link=\"http:\/\/ndschaft.de\/?attachment_id=939\" class=\"wp-image-939\"\/><\/figure><\/li><li class=\"blocks-gallery-item\"><figure><img decoding=\"async\" src=\"http:\/\/ndschaft.de\/wp-content\/uploads\/2020\/11\/IMG_20180723_112429.jpg\" alt=\"\" data-id=\"937\" data-link=\"http:\/\/ndschaft.de\/?attachment_id=937\" class=\"wp-image-937\"\/><\/figure><\/li><\/ul><\/figure>\n","protected":false},"excerpt":{"rendered":"<p>Architekt : batzer + hartmann planungsgesellschaft mbH IKF Kinderkrippe Situlistrasse 2 Gruppen\u2022 Regelgruppen mit je 12 Kindern2 Gruppen\u2022 Integrationsgruppen mit je 9&nbsp;Kindern\u2022 Je Gruppe 3 Kinder mit besonderem F\u00f6rderbedarf Erweiterung des M\u00fcnchner F\u00f6rderzentrums MFZ Wohnheimpl\u00e4tzen f\u00fcr Menschen mit und ohne Behinderungherapy, Behandlungs Zentrum und F\u00f6rderst\u00e4ttenpl\u00e4tze.In der F\u00f6rderst\u00e4tte arbeiten behinderte Menschen nach Beendigung der Schulpflicht, die &hellip; <\/p>\n<p class=\"link-more\"><a href=\"http:\/\/ndschaft.de\/100-2\/ikf-mfz-stiftung-icp-muenchen\/\" class=\"more-link\"><span class=\"screen-reader-text\">\u201eIKF\/MFZ  (Stiftung ICP M\u00fcnchen)\u201c<\/span> weiterlesen<\/a><\/p>\n","protected":false},"author":1,"featured_media":0,"parent":0,"menu_order":0,"comment_status":"closed","ping_status":"closed","template":"","meta":[],"yoast_head":"<!-- This site is optimized with the Yoast SEO plugin v19.14 - https:\/\/yoast.com\/wordpress\/plugins\/seo\/ -->\n<title>IKF\/MFZ (Stiftung ICP M\u00fcnchen) - salm.l@ndschaft<\/title>\n<meta name=\"robots\" content=\"index, follow, max-snippet:-1, max-image-preview:large, max-video-preview:-1\" \/>\n<link rel=\"canonical\" href=\"http:\/\/ndschaft.de\/100-2\/ikf-mfz-stiftung-icp-muenchen\/\" \/>\n<meta property=\"og:locale\" content=\"de_DE\" \/>\n<meta property=\"og:type\" content=\"article\" \/>\n<meta property=\"og:title\" content=\"IKF\/MFZ (Stiftung ICP M\u00fcnchen) - salm.l@ndschaft\" \/>\n<meta property=\"og:description\" content=\"Architekt : batzer + hartmann planungsgesellschaft mbH IKF Kinderkrippe Situlistrasse 2 Gruppen\u2022 Regelgruppen mit je 12 Kindern2 Gruppen\u2022 Integrationsgruppen mit je 9&nbsp;Kindern\u2022 Je Gruppe 3 Kinder mit besonderem F\u00f6rderbedarf Erweiterung des M\u00fcnchner F\u00f6rderzentrums MFZ Wohnheimpl\u00e4tzen f\u00fcr Menschen mit und ohne Behinderungherapy, Behandlungs Zentrum und F\u00f6rderst\u00e4ttenpl\u00e4tze.In der F\u00f6rderst\u00e4tte arbeiten behinderte Menschen nach Beendigung der Schulpflicht, die &hellip; \u201eIKF\/MFZ (Stiftung ICP M\u00fcnchen)\u201c weiterlesen\" \/>\n<meta property=\"og:url\" content=\"http:\/\/ndschaft.de\/100-2\/ikf-mfz-stiftung-icp-muenchen\/\" \/>\n<meta property=\"og:site_name\" content=\"salm.l@ndschaft\" \/>\n<meta property=\"article:publisher\" content=\"https:\/\/www.facebook.com\/Herman.Salm\" \/>\n<meta property=\"article:modified_time\" content=\"2020-11-24T12:51:14+00:00\" \/>\n<meta property=\"og:image\" content=\"http:\/\/ndschaft.de\/wp-content\/uploads\/2020\/11\/IKF_Logo_2014_trans-428x120-1.png\" \/>\n<meta name=\"twitter:card\" content=\"summary_large_image\" \/>\n<meta name=\"twitter:label1\" content=\"Gesch\u00e4tzte Lesezeit\" \/>\n\t<meta name=\"twitter:data1\" content=\"1 Minute\" \/>\n<script type=\"application\/ld+json\" class=\"yoast-schema-graph\">{\"@context\":\"https:\/\/schema.org\",\"@graph\":[{\"@type\":\"WebPage\",\"@id\":\"http:\/\/ndschaft.de\/100-2\/ikf-mfz-stiftung-icp-muenchen\/\",\"url\":\"http:\/\/ndschaft.de\/100-2\/ikf-mfz-stiftung-icp-muenchen\/\",\"name\":\"IKF\/MFZ (Stiftung ICP M\u00fcnchen) - salm.l@ndschaft\",\"isPartOf\":{\"@id\":\"http:\/\/ndschaft.de\/100-2\/#website\"},\"datePublished\":\"2020-11-20T11:56:42+00:00\",\"dateModified\":\"2020-11-24T12:51:14+00:00\",\"breadcrumb\":{\"@id\":\"http:\/\/ndschaft.de\/100-2\/ikf-mfz-stiftung-icp-muenchen\/#breadcrumb\"},\"inLanguage\":\"de-DE\",\"potentialAction\":[{\"@type\":\"ReadAction\",\"target\":[\"http:\/\/ndschaft.de\/100-2\/ikf-mfz-stiftung-icp-muenchen\/\"]}]},{\"@type\":\"BreadcrumbList\",\"@id\":\"http:\/\/ndschaft.de\/100-2\/ikf-mfz-stiftung-icp-muenchen\/#breadcrumb\",\"itemListElement\":[{\"@type\":\"ListItem\",\"position\":1,\"name\":\"Startseite\",\"item\":\"http:\/\/ndschaft.de\/100-2\/\"},{\"@type\":\"ListItem\",\"position\":2,\"name\":\"IKF\/MFZ (Stiftung ICP M\u00fcnchen)\"}]},{\"@type\":\"WebSite\",\"@id\":\"http:\/\/ndschaft.de\/100-2\/#website\",\"url\":\"http:\/\/ndschaft.de\/100-2\/\",\"name\":\"salm.l@ndschaft\",\"description\":\"Landschaftsarchitektur und Stadtplanung\",\"publisher\":{\"@id\":\"http:\/\/ndschaft.de\/100-2\/#organization\"},\"potentialAction\":[{\"@type\":\"SearchAction\",\"target\":{\"@type\":\"EntryPoint\",\"urlTemplate\":\"http:\/\/ndschaft.de\/100-2\/?s={search_term_string}\"},\"query-input\":\"required name=search_term_string\"}],\"inLanguage\":\"de-DE\"},{\"@type\":\"Organization\",\"@id\":\"http:\/\/ndschaft.de\/100-2\/#organization\",\"name\":\"salm.l@ndschaft.de\",\"url\":\"http:\/\/ndschaft.de\/100-2\/\",\"logo\":{\"@type\":\"ImageObject\",\"inLanguage\":\"de-DE\",\"@id\":\"http:\/\/ndschaft.de\/100-2\/#\/schema\/logo\/image\/\",\"url\":\"\",\"contentUrl\":\"\",\"caption\":\"salm.l@ndschaft.de\"},\"image\":{\"@id\":\"http:\/\/ndschaft.de\/100-2\/#\/schema\/logo\/image\/\"},\"sameAs\":[\"https:\/\/www.instagram.com\/herman_salm\/?hl=de\",\"https:\/\/www.linkedin.com\/in\/herman-salm-a2796519\",\"https:\/\/www.facebook.com\/Herman.Salm\"]}]}<\/script>\n<!-- \/ Yoast SEO plugin. -->","yoast_head_json":{"title":"IKF\/MFZ (Stiftung ICP M\u00fcnchen) - salm.l@ndschaft","robots":{"index":"index","follow":"follow","max-snippet":"max-snippet:-1","max-image-preview":"max-image-preview:large","max-video-preview":"max-video-preview:-1"},"canonical":"http:\/\/ndschaft.de\/100-2\/ikf-mfz-stiftung-icp-muenchen\/","og_locale":"de_DE","og_type":"article","og_title":"IKF\/MFZ (Stiftung ICP M\u00fcnchen) - salm.l@ndschaft","og_description":"Architekt : batzer + hartmann planungsgesellschaft mbH IKF Kinderkrippe Situlistrasse 2 Gruppen\u2022 Regelgruppen mit je 12 Kindern2 Gruppen\u2022 Integrationsgruppen mit je 9&nbsp;Kindern\u2022 Je Gruppe 3 Kinder mit besonderem F\u00f6rderbedarf Erweiterung des M\u00fcnchner F\u00f6rderzentrums MFZ Wohnheimpl\u00e4tzen f\u00fcr Menschen mit und ohne Behinderungherapy, Behandlungs Zentrum und F\u00f6rderst\u00e4ttenpl\u00e4tze.In der F\u00f6rderst\u00e4tte arbeiten behinderte Menschen nach Beendigung der Schulpflicht, die &hellip; \u201eIKF\/MFZ (Stiftung ICP M\u00fcnchen)\u201c weiterlesen","og_url":"http:\/\/ndschaft.de\/100-2\/ikf-mfz-stiftung-icp-muenchen\/","og_site_name":"salm.l@ndschaft","article_publisher":"https:\/\/www.facebook.com\/Herman.Salm","article_modified_time":"2020-11-24T12:51:14+00:00","og_image":[{"url":"http:\/\/ndschaft.de\/wp-content\/uploads\/2020\/11\/IKF_Logo_2014_trans-428x120-1.png"}],"twitter_card":"summary_large_image","twitter_misc":{"Gesch\u00e4tzte Lesezeit":"1 Minute"},"schema":{"@context":"https:\/\/schema.org","@graph":[{"@type":"WebPage","@id":"http:\/\/ndschaft.de\/100-2\/ikf-mfz-stiftung-icp-muenchen\/","url":"http:\/\/ndschaft.de\/100-2\/ikf-mfz-stiftung-icp-muenchen\/","name":"IKF\/MFZ (Stiftung ICP M\u00fcnchen) - salm.l@ndschaft","isPartOf":{"@id":"http:\/\/ndschaft.de\/100-2\/#website"},"datePublished":"2020-11-20T11:56:42+00:00","dateModified":"2020-11-24T12:51:14+00:00","breadcrumb":{"@id":"http:\/\/ndschaft.de\/100-2\/ikf-mfz-stiftung-icp-muenchen\/#breadcrumb"},"inLanguage":"de-DE","potentialAction":[{"@type":"ReadAction","target":["http:\/\/ndschaft.de\/100-2\/ikf-mfz-stiftung-icp-muenchen\/"]}]},{"@type":"BreadcrumbList","@id":"http:\/\/ndschaft.de\/100-2\/ikf-mfz-stiftung-icp-muenchen\/#breadcrumb","itemListElement":[{"@type":"ListItem","position":1,"name":"Startseite","item":"http:\/\/ndschaft.de\/100-2\/"},{"@type":"ListItem","position":2,"name":"IKF\/MFZ (Stiftung ICP M\u00fcnchen)"}]},{"@type":"WebSite","@id":"http:\/\/ndschaft.de\/100-2\/#website","url":"http:\/\/ndschaft.de\/100-2\/","name":"salm.l@ndschaft","description":"Landschaftsarchitektur und Stadtplanung","publisher":{"@id":"http:\/\/ndschaft.de\/100-2\/#organization"},"potentialAction":[{"@type":"SearchAction","target":{"@type":"EntryPoint","urlTemplate":"http:\/\/ndschaft.de\/100-2\/?s={search_term_string}"},"query-input":"required name=search_term_string"}],"inLanguage":"de-DE"},{"@type":"Organization","@id":"http:\/\/ndschaft.de\/100-2\/#organization","name":"salm.l@ndschaft.de","url":"http:\/\/ndschaft.de\/100-2\/","logo":{"@type":"ImageObject","inLanguage":"de-DE","@id":"http:\/\/ndschaft.de\/100-2\/#\/schema\/logo\/image\/","url":"","contentUrl":"","caption":"salm.l@ndschaft.de"},"image":{"@id":"http:\/\/ndschaft.de\/100-2\/#\/schema\/logo\/image\/"},"sameAs":["https:\/\/www.instagram.com\/herman_salm\/?hl=de","https:\/\/www.linkedin.com\/in\/herman-salm-a2796519","https:\/\/www.facebook.com\/Herman.Salm"]}]}},"_links":{"self":[{"href":"http:\/\/ndschaft.de\/100-2\/wp-json\/wp\/v2\/pages\/776"}],"collection":[{"href":"http:\/\/ndschaft.de\/100-2\/wp-json\/wp\/v2\/pages"}],"about":[{"href":"http:\/\/ndschaft.de\/100-2\/wp-json\/wp\/v2\/types\/page"}],"author":[{"embeddable":true,"href":"http:\/\/ndschaft.de\/100-2\/wp-json\/wp\/v2\/users\/1"}],"replies":[{"embeddable":true,"href":"http:\/\/ndschaft.de\/100-2\/wp-json\/wp\/v2\/comments?post=776"}],"version-history":[{"count":9,"href":"http:\/\/ndschaft.de\/100-2\/wp-json\/wp\/v2\/pages\/776\/revisions"}],"predecessor-version":[{"id":1157,"href":"http:\/\/ndschaft.de\/100-2\/wp-json\/wp\/v2\/pages\/776\/revisions\/1157"}],"wp:attachment":[{"href":"http:\/\/ndschaft.de\/100-2\/wp-json\/wp\/v2\/media?parent=776"}],"curies":[{"name":"wp","href":"https:\/\/api.w.org\/{rel}","templated":true}]}}